{"id":7,"date":"2016-01-15T16:06:28","date_gmt":"2016-01-15T15:06:28","guid":{"rendered":"http:\/\/avb.vasquavia.fr\/?page_id=7"},"modified":"2018-06-28T13:46:25","modified_gmt":"2018-06-28T12:46:25","slug":"home","status":"publish","type":"page","link":"https:\/\/avb-en-art.com\/es\/","title":{"rendered":"Inicio"},"content":{"rendered":"[vc_row section_mode=\u00bbfluid\u00bb no_margin_padding=\u00bbyes\u00bb][vc_column][az_special_heading heading_align=\u00bbtextaligncenter\u00bb padding_bottom_heading=\u00bb0&#8243; content_heading=\u00bbA.V.B., plasticienne est heureuse de vous pr\u00e9senter son travail\u00bb el_class=\u00bbcontentHead\u00bb][\/vc_column][vc_column][vc_row_inner][vc_column_inner width=\u00bb1\/6&#8243;][\/vc_column_inner][vc_column_inner width=\u00bb1\/3&#8243; el_class=\u00bbcontentDarkerHome\u00bb][az_column_text]\n<h4>Artiste Peintre<\/h4>\n<blockquote><p>LES PROPH\u00c9TESSES PARLERAIENT-ELLES AU NOM DE DIEU&#8230;ET SI DIEU \u00c9TAIT UNE D\u00c9ESSE:<b> LA NATURE<\/b><\/p><\/blockquote>\n<div style=\"min-height: 150px;\">Aujourd&#8217;hui sa recherche picturale s&#8217;inspire de\u00a0la technique de l\u2019ic\u00f4ne associ\u00e9e \u00e0 celle du collage d\u2019\u00e9l\u00e9ments v\u00e9g\u00e9taux. De ce mixte apparaissent comme des proph\u00e9tesses de la nature.<\/div>\n[\/az_column_text][\/vc_column_inner][vc_column_inner width=\u00bb1\/3&#8243; el_class=\u00bbcontentDarkerHome nextEvent\u00bb][az_column_text]\n<h4>Prochaine Expo<\/h4>\n[\/az_column_text][az_single_image image=\u00bb1100&#8243; image_mode=\u00bbimg-responsive\u00bb image_alignment=\u00bbaligncenter\u00bb image_link=\u00bbyes\u00bb animation_loading=\u00bbyes\u00bb animation_loading_effects=\u00bblittle_bounce\u00bb image_link_url=\u00bbhttp:\/\/avb-en-art.com\/evenements\/\u00bb][\/vc_column_inner][vc_column_inner width=\u00bb1\/6&#8243;][\/vc_column_inner][\/vc_row_inner][vc_row_inner][vc_column_inner width=\u00bb1\/6&#8243;][\/vc_column_inner][vc_column_inner width=\u00bb1\/2&#8243;][az_column_text]\n<p class=\"homeSocialPres\"><strong><span style=\"color: darkorange;\">Bient\u00f4t<\/span> &#8211; Abonnez-vous et ne manquez aucune\u00a0des derni\u00e8res activit\u00e9s !<\/strong><\/p>\n[\/az_column_text][\/vc_column_inner][vc_column_inner width=\u00bb1\/6&#8243;][az_social_profile email=\u00bb\/contact\u00bb facebook=\u00bb#\u00bb googleplus=\u00bb#\u00bb instagram=\u00bb#\u00bb el_class=\u00bbsocial-icons-small\u00bb][\/vc_column_inner][vc_column_inner width=\u00bb1\/6&#8243;][\/vc_column_inner][\/vc_row_inner][az_blank_divider height_value=\u00bb50&#8243;][\/vc_column][\/vc_row][vc_row section_mode=\u00bbfluid\u00bb no_margin_padding=\u00bbyes\u00bb][vc_column][az_column_text]\n<p style=\"text-align: center; padding: 70px 0; background: #523840; color: #dddddd; font-size: 24px; font-weight: bold;\">DERNI\u00c8RES CR\u00c9ATIONS<\/p>\n[\/az_column_text][\/vc_column][\/vc_row][vc_row section_mode=\u00bbfluid\u00bb no_margin_padding=\u00bbyes\u00bb][vc_column padding=\u00bbcustom-padding\u00bb padding_value=\u00bb0&#8243;][az_portfolio_grid portfolio_layout=\u00bbcarousel-portfolio\u00bb carousel_portfolio_item=\u00bb4&#8243; carousel_portfolio_pagination=\u00bbtrue\u00bb carousel_portfolio_autoplay=\u00bbtrue\u00bb portfolio_wall=\u00bbyes\u00bb portfolio_colorize=\u00bbyes\u00bb orderby=\u00bbdate\u00bb portfolio_categories=\u00bbaccueil\u00bb][\/vc_column][\/vc_row][vc_row section_mode=\u00bbfluid\u00bb no_margin_padding=\u00bbyes\u00bb][vc_column][az_column_text]\n<p style=\"text-align: center; padding: 70px 0; background: #523840; color: #dddddd; font-size: 24px; font-weight: bold;\">P\u00c8LE-M\u00caLE<\/p>\n[\/az_column_text][\/vc_column][\/vc_row][vc_row section_mode=\u00bbfluid\u00bb no_margin_padding=\u00bbyes\u00bb][vc_column][az_portfolio_grid portfolio_layout=\u00bbcarousel-portfolio\u00bb carousel_portfolio_item=\u00bb5&#8243; carousel_portfolio_pagination=\u00bbtrue\u00bb carousel_portfolio_autoplay=\u00bbtrue\u00bb portfolio_wall=\u00bbyes\u00bb orderby=\u00bbrand\u00bb portfolio_categories=\u00bbalbum\u00bb el_class=\u00bbhideTitles\u00bb][\/vc_column][\/vc_row]","protected":false},"excerpt":{"rendered":"<p>[vc_row section_mode=\u00bbfluid\u00bb no_margin_padding=\u00bbyes\u00bb][vc_column][az_special_heading heading_align=\u00bbtextaligncenter\u00bb padding_bottom_heading=\u00bb0&#8243; content_heading=\u00bbA.V.B., plasticienne est heureuse de vous pr\u00e9senter son travail\u00bb el_class=\u00bbcontentHead\u00bb][\/vc_column][vc_column][vc_row_inner][vc_column_inner width=\u00bb1\/6&#8243;][\/vc_column_inner][vc_column_inner width=\u00bb1\/3&#8243; el_class=\u00bbcontentDarkerHome\u00bb][az_column_text] Artiste Peintre LES PROPH\u00c9TESSES PARLERAIENT-ELLES AU NOM DE DIEU&#8230;ET SI DIEU \u00c9TAIT UNE D\u00c9ESSE: LA NATURE Aujourd&#8217;hui sa recherche picturale s&#8217;inspire de\u00a0la technique de l\u2019ic\u00f4ne associ\u00e9e \u00e0 celle du collage d\u2019\u00e9l\u00e9ments v\u00e9g\u00e9taux. De ce mixte apparaissent comme [&hellip;]<\/p>\n","protected":false},"author":1,"featured_media":0,"parent":0,"menu_order":0,"comment_status":"closed","ping_status":"closed","template":"","meta":[],"yoast_head":"<!-- This site is optimized with the Yoast SEO plugin v19.1 - https:\/\/yoast.com\/wordpress\/plugins\/seo\/ -->\n<title>A.V.B. - Artista Plastica<\/title>\n<meta name=\"description\" content=\"AVB, Artista pl\u00e0stica, est\u00e0 feli\u00e7 de poder-vos presentar el seu treball\" \/>\n<meta name=\"robots\" content=\"index, follow, max-snippet:-1, max-image-preview:large, max-video-preview:-1\" \/>\n<link rel=\"canonical\" href=\"https:\/\/avb-en-art.com\/ca\/\" \/>\n<meta property=\"og:locale\" content=\"es_ES\" \/>\n<meta property=\"og:type\" content=\"article\" \/>\n<meta property=\"og:title\" content=\"A.V.B. - Artista Plastica\" \/>\n<meta property=\"og:description\" content=\"AVB, Artista pl\u00e0stica, est\u00e0 feli\u00e7 de poder-vos presentar el seu treball\" \/>\n<meta property=\"og:url\" content=\"https:\/\/avb-en-art.com\/ca\/\" \/>\n<meta property=\"og:site_name\" content=\"A.V.B.\" \/>\n<meta property=\"article:modified_time\" content=\"2018-06-28T12:46:25+00:00\" \/>\n<meta name=\"twitter:card\" content=\"summary\" \/>\n<meta name=\"twitter:label1\" content=\"Tiempo de lectura\" \/>\n\t<meta name=\"twitter:data1\" content=\"8 minutos\" \/>\n<script type=\"application\/ld+json\" class=\"yoast-schema-graph\">{\"@context\":\"https:\/\/schema.org\",\"@graph\":[{\"@type\":\"WebSite\",\"@id\":\"https:\/\/avb-en-art.com\/ca\/#website\",\"url\":\"https:\/\/avb-en-art.com\/ca\/\",\"name\":\"A.V.B.\",\"description\":\"Artiste Peintre\",\"potentialAction\":[{\"@type\":\"SearchAction\",\"target\":{\"@type\":\"EntryPoint\",\"urlTemplate\":\"https:\/\/avb-en-art.com\/ca\/?s={search_term_string}\"},\"query-input\":\"required name=search_term_string\"}],\"inLanguage\":\"es\"},{\"@type\":\"WebPage\",\"@id\":\"https:\/\/avb-en-art.com\/ca\/#webpage\",\"url\":\"https:\/\/avb-en-art.com\/ca\/\",\"name\":\"A.V.B. - Artista Plastica\",\"isPartOf\":{\"@id\":\"https:\/\/avb-en-art.com\/ca\/#website\"},\"datePublished\":\"2016-01-15T15:06:28+00:00\",\"dateModified\":\"2018-06-28T12:46:25+00:00\",\"description\":\"AVB, Artista pl\u00e0stica, est\u00e0 feli\u00e7 de poder-vos presentar el seu treball\",\"breadcrumb\":{\"@id\":\"https:\/\/avb-en-art.com\/ca\/#breadcrumb\"},\"inLanguage\":\"es\",\"potentialAction\":[{\"@type\":\"ReadAction\",\"target\":[\"https:\/\/avb-en-art.com\/ca\/\"]}]},{\"@type\":\"BreadcrumbList\",\"@id\":\"https:\/\/avb-en-art.com\/ca\/#breadcrumb\",\"itemListElement\":[{\"@type\":\"ListItem\",\"position\":1,\"name\":\"Accueil\",\"item\":\"https:\/\/avb-en-art.com\/ca\/\"},{\"@type\":\"ListItem\",\"position\":2,\"name\":\"Inici\"}]}]}<\/script>\n<!-- \/ Yoast SEO plugin. -->","yoast_head_json":{"title":"A.V.B. - Artista Plastica","description":"AVB, Artista pl\u00e0stica, est\u00e0 feli\u00e7 de poder-vos presentar el seu treball","robots":{"index":"index","follow":"follow","max-snippet":"max-snippet:-1","max-image-preview":"max-image-preview:large","max-video-preview":"max-video-preview:-1"},"canonical":"https:\/\/avb-en-art.com\/ca\/","og_locale":"es_ES","og_type":"article","og_title":"A.V.B. - Artista Plastica","og_description":"AVB, Artista pl\u00e0stica, est\u00e0 feli\u00e7 de poder-vos presentar el seu treball","og_url":"https:\/\/avb-en-art.com\/ca\/","og_site_name":"A.V.B.","article_modified_time":"2018-06-28T12:46:25+00:00","twitter_card":"summary","twitter_misc":{"Tiempo de lectura":"8 minutos"},"schema":{"@context":"https:\/\/schema.org","@graph":[{"@type":"WebSite","@id":"https:\/\/avb-en-art.com\/ca\/#website","url":"https:\/\/avb-en-art.com\/ca\/","name":"A.V.B.","description":"Artiste Peintre","potentialAction":[{"@type":"SearchAction","target":{"@type":"EntryPoint","urlTemplate":"https:\/\/avb-en-art.com\/ca\/?s={search_term_string}"},"query-input":"required name=search_term_string"}],"inLanguage":"es"},{"@type":"WebPage","@id":"https:\/\/avb-en-art.com\/ca\/#webpage","url":"https:\/\/avb-en-art.com\/ca\/","name":"A.V.B. - Artista Plastica","isPartOf":{"@id":"https:\/\/avb-en-art.com\/ca\/#website"},"datePublished":"2016-01-15T15:06:28+00:00","dateModified":"2018-06-28T12:46:25+00:00","description":"AVB, Artista pl\u00e0stica, est\u00e0 feli\u00e7 de poder-vos presentar el seu treball","breadcrumb":{"@id":"https:\/\/avb-en-art.com\/ca\/#breadcrumb"},"inLanguage":"es","potentialAction":[{"@type":"ReadAction","target":["https:\/\/avb-en-art.com\/ca\/"]}]},{"@type":"BreadcrumbList","@id":"https:\/\/avb-en-art.com\/ca\/#breadcrumb","itemListElement":[{"@type":"ListItem","position":1,"name":"Accueil","item":"https:\/\/avb-en-art.com\/ca\/"},{"@type":"ListItem","position":2,"name":"Inici"}]}]}},"_links":{"self":[{"href":"https:\/\/avb-en-art.com\/es\/wp-json\/wp\/v2\/pages\/7"}],"collection":[{"href":"https:\/\/avb-en-art.com\/es\/wp-json\/wp\/v2\/pages"}],"about":[{"href":"https:\/\/avb-en-art.com\/es\/wp-json\/wp\/v2\/types\/page"}],"author":[{"embeddable":true,"href":"https:\/\/avb-en-art.com\/es\/wp-json\/wp\/v2\/users\/1"}],"replies":[{"embeddable":true,"href":"https:\/\/avb-en-art.com\/es\/wp-json\/wp\/v2\/comments?post=7"}],"version-history":[{"count":194,"href":"https:\/\/avb-en-art.com\/es\/wp-json\/wp\/v2\/pages\/7\/revisions"}],"predecessor-version":[{"id":1263,"href":"https:\/\/avb-en-art.com\/es\/wp-json\/wp\/v2\/pages\/7\/revisions\/1263"}],"wp:attachment":[{"href":"https:\/\/avb-en-art.com\/es\/wp-json\/wp\/v2\/media?parent=7"}],"curies":[{"name":"wp","href":"https:\/\/api.w.org\/{rel}","templated":true}]}}