{"id":7,"date":"2016-01-15T16:06:28","date_gmt":"2016-01-15T15:06:28","guid":{"rendered":"http:\/\/avb.vasquavia.fr\/?page_id=7"},"modified":"2018-06-28T13:46:25","modified_gmt":"2018-06-28T12:46:25","slug":"home","status":"publish","type":"page","link":"https:\/\/avb-en-art.com\/en\/","title":{"rendered":"Home"},"content":{"rendered":"[vc_row section_mode=&#8221;fluid&#8221; no_margin_padding=&#8221;yes&#8221;][vc_column][az_special_heading heading_align=&#8221;textaligncenter&#8221; padding_bottom_heading=&#8221;0&#8243; content_heading=&#8221;A.V.B., plasticienne est heureuse de vous pr\u00e9senter son travail&#8221; el_class=&#8221;contentHead&#8221;][\/vc_column][vc_column][vc_row_inner][vc_column_inner width=&#8221;1\/6&#8243;][\/vc_column_inner][vc_column_inner width=&#8221;1\/3&#8243; el_class=&#8221;contentDarkerHome&#8221;][az_column_text]\n<h4>Artiste Peintre<\/h4>\n<blockquote><p>LES PROPH\u00c9TESSES PARLERAIENT-ELLES AU NOM DE DIEU&#8230;ET SI DIEU \u00c9TAIT UNE D\u00c9ESSE:<b> LA NATURE<\/b><\/p><\/blockquote>\n<div style=\"min-height: 150px;\">Aujourd&#8217;hui sa recherche picturale s&#8217;inspire de\u00a0la technique de l\u2019ic\u00f4ne associ\u00e9e \u00e0 celle du collage d\u2019\u00e9l\u00e9ments v\u00e9g\u00e9taux. De ce mixte apparaissent comme des proph\u00e9tesses de la nature.<\/div>\n[\/az_column_text][\/vc_column_inner][vc_column_inner width=&#8221;1\/3&#8243; el_class=&#8221;contentDarkerHome nextEvent&#8221;][az_column_text]\n<h4>Prochaine Expo<\/h4>\n[\/az_column_text][az_single_image image=&#8221;1100&#8243; image_mode=&#8221;img-responsive&#8221; image_alignment=&#8221;aligncenter&#8221; image_link=&#8221;yes&#8221; animation_loading=&#8221;yes&#8221; animation_loading_effects=&#8221;little_bounce&#8221; image_link_url=&#8221;http:\/\/avb-en-art.com\/evenements\/&#8221;][\/vc_column_inner][vc_column_inner width=&#8221;1\/6&#8243;][\/vc_column_inner][\/vc_row_inner][vc_row_inner][vc_column_inner width=&#8221;1\/6&#8243;][\/vc_column_inner][vc_column_inner width=&#8221;1\/2&#8243;][az_column_text]\n<p class=\"homeSocialPres\"><strong><span style=\"color: darkorange;\">Bient\u00f4t<\/span> &#8211; Abonnez-vous et ne manquez aucune\u00a0des derni\u00e8res activit\u00e9s !<\/strong><\/p>\n[\/az_column_text][\/vc_column_inner][vc_column_inner width=&#8221;1\/6&#8243;][az_social_profile email=&#8221;\/contact&#8221; facebook=&#8221;#&#8221; googleplus=&#8221;#&#8221; instagram=&#8221;#&#8221; el_class=&#8221;social-icons-small&#8221;][\/vc_column_inner][vc_column_inner width=&#8221;1\/6&#8243;][\/vc_column_inner][\/vc_row_inner][az_blank_divider height_value=&#8221;50&#8243;][\/vc_column][\/vc_row][vc_row section_mode=&#8221;fluid&#8221; no_margin_padding=&#8221;yes&#8221;][vc_column][az_column_text]\n<p style=\"text-align: center; padding: 70px 0; background: #523840; color: #dddddd; font-size: 24px; font-weight: bold;\">DERNI\u00c8RES CR\u00c9ATIONS<\/p>\n[\/az_column_text][\/vc_column][\/vc_row][vc_row section_mode=&#8221;fluid&#8221; no_margin_padding=&#8221;yes&#8221;][vc_column padding=&#8221;custom-padding&#8221; padding_value=&#8221;0&#8243;][az_portfolio_grid portfolio_layout=&#8221;carousel-portfolio&#8221; carousel_portfolio_item=&#8221;4&#8243; carousel_portfolio_pagination=&#8221;true&#8221; carousel_portfolio_autoplay=&#8221;true&#8221; portfolio_wall=&#8221;yes&#8221; portfolio_colorize=&#8221;yes&#8221; orderby=&#8221;date&#8221; portfolio_categories=&#8221;accueil&#8221;][\/vc_column][\/vc_row][vc_row section_mode=&#8221;fluid&#8221; no_margin_padding=&#8221;yes&#8221;][vc_column][az_column_text]\n<p style=\"text-align: center; padding: 70px 0; background: #523840; color: #dddddd; font-size: 24px; font-weight: bold;\">P\u00c8LE-M\u00caLE<\/p>\n[\/az_column_text][\/vc_column][\/vc_row][vc_row section_mode=&#8221;fluid&#8221; no_margin_padding=&#8221;yes&#8221;][vc_column][az_portfolio_grid portfolio_layout=&#8221;carousel-portfolio&#8221; carousel_portfolio_item=&#8221;5&#8243; carousel_portfolio_pagination=&#8221;true&#8221; carousel_portfolio_autoplay=&#8221;true&#8221; portfolio_wall=&#8221;yes&#8221; orderby=&#8221;rand&#8221; portfolio_categories=&#8221;album&#8221; el_class=&#8221;hideTitles&#8221;][\/vc_column][\/vc_row]","protected":false},"excerpt":{"rendered":"<p>[vc_row section_mode=&#8221;fluid&#8221; no_margin_padding=&#8221;yes&#8221;][vc_column][az_special_heading heading_align=&#8221;textaligncenter&#8221; padding_bottom_heading=&#8221;0&#8243; content_heading=&#8221;A.V.B., plasticienne est heureuse de vous pr\u00e9senter son travail&#8221; el_class=&#8221;contentHead&#8221;][\/vc_column][vc_column][vc_row_inner][vc_column_inner width=&#8221;1\/6&#8243;][\/vc_column_inner][vc_column_inner width=&#8221;1\/3&#8243; el_class=&#8221;contentDarkerHome&#8221;][az_column_text] Artiste Peintre LES PROPH\u00c9TESSES PARLERAIENT-ELLES AU NOM DE DIEU&#8230;ET SI DIEU \u00c9TAIT UNE D\u00c9ESSE: LA NATURE Aujourd&#8217;hui sa recherche picturale s&#8217;inspire de\u00a0la technique de l\u2019ic\u00f4ne associ\u00e9e \u00e0 celle du collage d\u2019\u00e9l\u00e9ments v\u00e9g\u00e9taux. De ce mixte apparaissent comme [&hellip;]<\/p>\n","protected":false},"author":1,"featured_media":0,"parent":0,"menu_order":0,"comment_status":"closed","ping_status":"closed","template":"","meta":[],"yoast_head":"<!-- This site is optimized with the Yoast SEO plugin v19.1 - https:\/\/yoast.com\/wordpress\/plugins\/seo\/ -->\n<title>A.V.B. - Artista Plastica<\/title>\n<meta name=\"description\" content=\"AVB, Artista pl\u00e0stica, est\u00e0 feli\u00e7 de poder-vos presentar el seu treball\" \/>\n<meta name=\"robots\" content=\"index, follow, max-snippet:-1, max-image-preview:large, max-video-preview:-1\" \/>\n<link rel=\"canonical\" href=\"https:\/\/avb-en-art.com\/ca\/\" \/>\n<meta property=\"og:locale\" content=\"en_US\" \/>\n<meta property=\"og:type\" content=\"article\" \/>\n<meta property=\"og:title\" content=\"A.V.B. - Artista Plastica\" \/>\n<meta property=\"og:description\" content=\"AVB, Artista pl\u00e0stica, est\u00e0 feli\u00e7 de poder-vos presentar el seu treball\" \/>\n<meta property=\"og:url\" content=\"https:\/\/avb-en-art.com\/ca\/\" \/>\n<meta property=\"og:site_name\" content=\"A.V.B.\" \/>\n<meta property=\"article:modified_time\" content=\"2018-06-28T12:46:25+00:00\" \/>\n<meta name=\"twitter:card\" content=\"summary\" \/>\n<meta name=\"twitter:label1\" content=\"Est. reading time\" \/>\n\t<meta name=\"twitter:data1\" content=\"8 minutes\" \/>\n<script type=\"application\/ld+json\" class=\"yoast-schema-graph\">{\"@context\":\"https:\/\/schema.org\",\"@graph\":[{\"@type\":\"WebSite\",\"@id\":\"https:\/\/avb-en-art.com\/ca\/#website\",\"url\":\"https:\/\/avb-en-art.com\/ca\/\",\"name\":\"A.V.B.\",\"description\":\"Artiste Peintre\",\"potentialAction\":[{\"@type\":\"SearchAction\",\"target\":{\"@type\":\"EntryPoint\",\"urlTemplate\":\"https:\/\/avb-en-art.com\/ca\/?s={search_term_string}\"},\"query-input\":\"required name=search_term_string\"}],\"inLanguage\":\"en-US\"},{\"@type\":\"WebPage\",\"@id\":\"https:\/\/avb-en-art.com\/ca\/#webpage\",\"url\":\"https:\/\/avb-en-art.com\/ca\/\",\"name\":\"A.V.B. - Artista Plastica\",\"isPartOf\":{\"@id\":\"https:\/\/avb-en-art.com\/ca\/#website\"},\"datePublished\":\"2016-01-15T15:06:28+00:00\",\"dateModified\":\"2018-06-28T12:46:25+00:00\",\"description\":\"AVB, Artista pl\u00e0stica, est\u00e0 feli\u00e7 de poder-vos presentar el seu treball\",\"breadcrumb\":{\"@id\":\"https:\/\/avb-en-art.com\/ca\/#breadcrumb\"},\"inLanguage\":\"en-US\",\"potentialAction\":[{\"@type\":\"ReadAction\",\"target\":[\"https:\/\/avb-en-art.com\/ca\/\"]}]},{\"@type\":\"BreadcrumbList\",\"@id\":\"https:\/\/avb-en-art.com\/ca\/#breadcrumb\",\"itemListElement\":[{\"@type\":\"ListItem\",\"position\":1,\"name\":\"Accueil\",\"item\":\"https:\/\/avb-en-art.com\/ca\/\"},{\"@type\":\"ListItem\",\"position\":2,\"name\":\"Inici\"}]}]}<\/script>\n<!-- \/ Yoast SEO plugin. -->","yoast_head_json":{"title":"A.V.B. - Artista Plastica","description":"AVB, Artista pl\u00e0stica, est\u00e0 feli\u00e7 de poder-vos presentar el seu treball","robots":{"index":"index","follow":"follow","max-snippet":"max-snippet:-1","max-image-preview":"max-image-preview:large","max-video-preview":"max-video-preview:-1"},"canonical":"https:\/\/avb-en-art.com\/ca\/","og_locale":"en_US","og_type":"article","og_title":"A.V.B. - Artista Plastica","og_description":"AVB, Artista pl\u00e0stica, est\u00e0 feli\u00e7 de poder-vos presentar el seu treball","og_url":"https:\/\/avb-en-art.com\/ca\/","og_site_name":"A.V.B.","article_modified_time":"2018-06-28T12:46:25+00:00","twitter_card":"summary","twitter_misc":{"Est. reading time":"8 minutes"},"schema":{"@context":"https:\/\/schema.org","@graph":[{"@type":"WebSite","@id":"https:\/\/avb-en-art.com\/ca\/#website","url":"https:\/\/avb-en-art.com\/ca\/","name":"A.V.B.","description":"Artiste Peintre","potentialAction":[{"@type":"SearchAction","target":{"@type":"EntryPoint","urlTemplate":"https:\/\/avb-en-art.com\/ca\/?s={search_term_string}"},"query-input":"required name=search_term_string"}],"inLanguage":"en-US"},{"@type":"WebPage","@id":"https:\/\/avb-en-art.com\/ca\/#webpage","url":"https:\/\/avb-en-art.com\/ca\/","name":"A.V.B. - Artista Plastica","isPartOf":{"@id":"https:\/\/avb-en-art.com\/ca\/#website"},"datePublished":"2016-01-15T15:06:28+00:00","dateModified":"2018-06-28T12:46:25+00:00","description":"AVB, Artista pl\u00e0stica, est\u00e0 feli\u00e7 de poder-vos presentar el seu treball","breadcrumb":{"@id":"https:\/\/avb-en-art.com\/ca\/#breadcrumb"},"inLanguage":"en-US","potentialAction":[{"@type":"ReadAction","target":["https:\/\/avb-en-art.com\/ca\/"]}]},{"@type":"BreadcrumbList","@id":"https:\/\/avb-en-art.com\/ca\/#breadcrumb","itemListElement":[{"@type":"ListItem","position":1,"name":"Accueil","item":"https:\/\/avb-en-art.com\/ca\/"},{"@type":"ListItem","position":2,"name":"Inici"}]}]}},"_links":{"self":[{"href":"https:\/\/avb-en-art.com\/en\/wp-json\/wp\/v2\/pages\/7"}],"collection":[{"href":"https:\/\/avb-en-art.com\/en\/wp-json\/wp\/v2\/pages"}],"about":[{"href":"https:\/\/avb-en-art.com\/en\/wp-json\/wp\/v2\/types\/page"}],"author":[{"embeddable":true,"href":"https:\/\/avb-en-art.com\/en\/wp-json\/wp\/v2\/users\/1"}],"replies":[{"embeddable":true,"href":"https:\/\/avb-en-art.com\/en\/wp-json\/wp\/v2\/comments?post=7"}],"version-history":[{"count":194,"href":"https:\/\/avb-en-art.com\/en\/wp-json\/wp\/v2\/pages\/7\/revisions"}],"predecessor-version":[{"id":1263,"href":"https:\/\/avb-en-art.com\/en\/wp-json\/wp\/v2\/pages\/7\/revisions\/1263"}],"wp:attachment":[{"href":"https:\/\/avb-en-art.com\/en\/wp-json\/wp\/v2\/media?parent=7"}],"curies":[{"name":"wp","href":"https:\/\/api.w.org\/{rel}","templated":true}]}}